{"id":2399,"date":"2017-07-15T11:19:56","date_gmt":"2017-07-15T09:19:56","guid":{"rendered":"http:\/\/marionlomonaco.fr\/?page_id=2399"},"modified":"2025-11-23T11:15:47","modified_gmt":"2025-11-23T10:15:47","slug":"creations-vitraux","status":"publish","type":"page","link":"https:\/\/marionlomonaco.fr\/?page_id=2399","title":{"rendered":"Vitraux"},"content":{"rendered":"\n[et_pb_section fb_built=\u00a0\u00bb1&Prime; _builder_version=\u00a0\u00bb4.16&Prime; background_image=\u00a0\u00bbhttps:\/\/marionlomonaco.fr\/wp-content\/uploads\/2017\/09\/Work-Detail-5.jpg\u00a0\u00bb global_colors_info=\u00a0\u00bb{}\u00a0\u00bb][et_pb_row _builder_version=\u00a0\u00bb4.16&Prime; _module_preset=\u00a0\u00bbdefault\u00a0\u00bb min_height=\u00a0\u00bb132.2px\u00a0\u00bb custom_padding=\u00a0\u00bb||17px|||\u00a0\u00bb global_colors_info=\u00a0\u00bb{}\u00a0\u00bb][et_pb_column type=\u00a0\u00bb4_4&Prime; _builder_version=\u00a0\u00bb4.16&Prime; _module_preset=\u00a0\u00bbdefault\u00a0\u00bb global_colors_info=\u00a0\u00bb{}\u00a0\u00bb][et_pb_text _builder_version=\u00a0\u00bb4.16&Prime; _module_preset=\u00a0\u00bbdefault\u00a0\u00bb global_colors_info=\u00a0\u00bb{}\u00a0\u00bb]<p><strong><span style=\"color: #000000;\"><span style=\"color: #ffffff;\"><span style=\"font-size: 14px; font-family: 'Calibri Light', sans-serif;\"><span style=\"font-size: large;\">L\u2019<\/span><\/span><span style=\"font-size: 14px; font-family: 'Calibri Light', sans-serif;\"><span style=\"font-size: large;\">A<\/span><\/span><span style=\"font-size: 14px; font-family: 'Calibri Light', sans-serif;\"><span style=\"font-size: large;\">telier La Mona <\/span><\/span><span style=\"font-size: 14px; font-family: 'Calibri Light', sans-serif;\"><span style=\"font-size: large;\">con\u00e7oit des<\/span><\/span><span style=\"font-size: 14px; font-family: 'Calibri Light', sans-serif;\"><span style=\"font-size: large;\"> \u0153uvres sur mesure, <\/span><\/span><\/span><span style=\"font-size: 14px; font-family: 'Calibri Light', sans-serif;\"><span style=\"font-size: large;\"><span style=\"color: #ffffff;\">dans les r\u00e8gles de l\u2019art,<\/span><\/span><\/span><span style=\"font-size: 14px; font-family: 'Calibri Light', sans-serif;\"><span style=\"font-size: large;\"> qui <\/span><\/span><span style=\"font-size: 14px; font-family: 'Calibri Light', sans-serif;\"><span style=\"font-size: large;\">travaillent<\/span><\/span><span style=\"font-size: 14px; font-family: 'Calibri Light', sans-serif;\"><span style=\"font-size: large;\"> avec la lumi\u00e8re et <\/span><\/span><span style=\"font-size: 14px; font-family: 'Calibri Light', sans-serif;\"><span style=\"font-size: large;\">irradient <\/span><\/span><span style=\"font-size: 14px; font-family: 'Calibri Light', sans-serif;\"><span style=\"font-size: large;\">dans<\/span><\/span><span style=\"font-size: 14px; font-family: 'Calibri Light', sans-serif;\"><span style=\"font-size: large;\"> les<\/span><\/span><span style=\"font-size: 14px; font-family: 'Calibri Light', sans-serif;\"><span style=\"font-size: large;\"> int\u00e9rieurs priv\u00e9s et publics, religieux et profanes. <\/span><\/span><span style=\"font-size: 14px; font-family: 'Calibri Light', sans-serif;\"><span style=\"font-size: large;\">E<\/span><\/span><span style=\"font-size: 14px; font-family: 'Calibri Light', sans-serif;\"><span style=\"font-size: large;\">n collaboration avec celles et ceux qui les commandent, <\/span><\/span><span style=\"font-size: 14px; font-family: 'Calibri Light', sans-serif;\"><span style=\"font-size: large;\">au gr\u00e9 des envies<\/span><\/span><span style=\"font-size: 14px; font-family: 'Calibri Light', sans-serif;\"><span style=\"font-size: large;\">.<\/span><\/span><\/span><\/strong><\/p>\n<p><strong><span style=\"color: #000000;\"><span style=\"font-family: Calibri Light, sans-serif;\"><span style=\"font-size: large;\">L\u2019<\/span><\/span><span style=\"font-family: Calibri Light, sans-serif;\"><span style=\"font-size: large;\">atelier peut \u00e9galement travailler <\/span><\/span><span style=\"font-family: Calibri Light, sans-serif;\"><span style=\"font-size: large;\">avec des artistes contemporains <\/span><\/span><span style=\"font-family: Calibri Light, sans-serif;\"><span style=\"font-size: large;\">pour la conception des cartons qui deviendront les futurs vitraux.<\/span><\/span><\/span><\/strong><\/p>\n<p align=\"left\"><strong><span style=\"color: #000000;\"><span style=\"font-size: large;\"><span style=\"font-family: Calibri Light, sans-serif;\">La Mona<\/span><span style=\"font-family: Calibri Light, sans-serif;\"> \u00e9labore <\/span><span style=\"font-family: Calibri Light, sans-serif;\">le<\/span><span style=\"font-family: Calibri Light, sans-serif;\"> projet <\/span><span style=\"font-family: Calibri Light, sans-serif;\">du d\u00e9but \u00e0 la fin<\/span><span style=\"font-family: Calibri Light, sans-serif;\">, de la <\/span><span style=\"font-family: Calibri Light, sans-serif;\">maquette<\/span><span style=\"font-family: Calibri Light, sans-serif;\"> \u00e0 sa <\/span><span style=\"font-family: Calibri Light, sans-serif;\">conversion en vitrail, jusqu\u2019\u00e0 <\/span><span style=\"font-family: Calibri Light, sans-serif;\">sa<\/span><span style=\"font-family: Calibri Light, sans-serif;\"> pose<\/span><span style=\"font-family: Calibri Light, sans-serif;\"> <\/span><span style=\"font-family: Calibri Light, sans-serif;\">sur site<\/span><span style=\"font-family: Calibri Light, sans-serif;\">. <\/span><span style=\"font-family: Calibri Light, sans-serif;\">En collaboration avec d\u2019autres artisans, au besoin.<\/span><\/span><\/span><\/strong><\/p>\n<p><strong><span style=\"color: #000000;\"><span style=\"font-size: 14px; font-family: 'Calibri Light', sans-serif;\"><span style=\"font-size: large;\">Vitrerie<\/span><\/span><span style=\"font-size: 14px; font-family: 'Calibri Light', sans-serif;\"><span style=\"font-size: large;\">s<\/span><\/span><span style=\"font-size: 14px; font-family: 'Calibri Light', sans-serif;\"><span style=\"font-size: large;\"> simple<\/span><\/span><span style=\"font-size: 14px; font-family: 'Calibri Light', sans-serif;\"><span style=\"font-size: large;\">s<\/span><\/span><span style=\"font-size: 14px; font-family: 'Calibri Light', sans-serif;\"><span style=\"font-size: large;\"> ou complexe<\/span><\/span><span style=\"font-size: 14px; font-family: 'Calibri Light', sans-serif;\"><span style=\"font-size: large;\">s<\/span><\/span><span style=\"font-size: 14px; font-family: 'Calibri Light', sans-serif;\"><span style=\"font-size: large;\">, r\u00e9alisations figuratives, d\u00e9coratives <\/span><\/span><span style=\"font-size: 14px; font-family: 'Calibri Light', sans-serif;\"><span style=\"font-size: large;\">ou abstraites,<\/span><\/span><span style=\"font-size: 14px; font-family: 'Calibri Light', sans-serif;\"><span style=\"font-size: large;\"> <\/span><\/span><span style=\"font-size: 14px; font-family: 'Calibri Light', sans-serif;\"><span style=\"font-size: large;\">l\u2019<\/span><\/span><span style=\"font-size: 14px; font-family: 'Calibri Light', sans-serif;\"><span style=\"font-size: large;\">A<\/span><\/span><span style=\"font-size: 14px; font-family: 'Calibri Light', sans-serif;\"><span style=\"font-size: large;\">telier La Mona<\/span><\/span><span style=\"font-size: 14px; font-family: 'Calibri Light', sans-serif;\"><span style=\"font-size: large;\"> s\u2019adapte<\/span><\/span><span style=\"font-size: 14px; font-family: 'Calibri Light', sans-serif;\"><span style=\"font-size: large;\"> \u00e0 <\/span><\/span><span style=\"font-size: 14px; font-family: 'Calibri Light', sans-serif;\"><span style=\"font-size: large;\">tous les styles, <\/span><\/span><span style=\"font-size: 14px; font-family: 'Calibri Light', sans-serif;\"><span style=\"font-size: large;\">contemporains comme classiques.\u00a0<\/span><\/span><\/span><\/strong><\/p>\n<p><strong><span style=\"color: #000000;\"><span style=\"font-family: Calibri Light, sans-serif;\"><span style=\"font-size: large;\">Pour<\/span><\/span><span style=\"font-family: Calibri Light, sans-serif;\"><span style=\"font-size: large;\"> tou<\/span><\/span><span style=\"font-family: Calibri Light, sans-serif;\"><span style=\"font-size: large;\">s.tes client.<\/span><\/span><span style=\"font-family: Calibri Light, sans-serif;\"><span style=\"font-size: large;\">e<\/span><\/span><span style=\"font-family: Calibri Light, sans-serif;\"><span style=\"font-size: large;\">s<\/span><\/span><span style=\"font-family: Calibri Light, sans-serif;\"><span style=\"font-size: large;\">\u00a0:<\/span><\/span><span style=\"font-family: Calibri Light, sans-serif;\"><span style=\"font-size: large;\"> Particuliers, professionnel.<\/span><\/span><span style=\"font-family: Calibri Light, sans-serif;\"><span style=\"font-size: large;\">le<\/span><\/span><span style=\"font-family: Calibri Light, sans-serif;\"><span style=\"font-size: large;\">s, collectivit\u00e9s, \u00e9difices religieux, Monuments historiques et B\u00e2timents de France, architectes, d\u00e9corateur.<\/span><\/span><span style=\"font-family: Calibri Light, sans-serif;\"><span style=\"font-size: large;\">ice<\/span><\/span><span style=\"font-family: Calibri Light, sans-serif;\"><span style=\"font-size: large;\">s, antiquaires <\/span><\/span><span style=\"font-family: Calibri Light, sans-serif;\"><span style=\"font-size: large;\">etc&#8230;<\/span><\/span><\/span><\/strong><\/p>[\/et_pb_text][\/et_pb_column][\/et_pb_row][et_pb_row column_structure=\u00a0\u00bb1_3,1_3,1_3&Prime; _builder_version=\u00a0\u00bb4.16&Prime; background_size=\u00a0\u00bbinitial\u00a0\u00bb background_position=\u00a0\u00bbtop_left\u00a0\u00bb background_repeat=\u00a0\u00bbrepeat\u00a0\u00bb custom_margin=\u00a0\u00bb|auto|-139px|auto||\u00a0\u00bb custom_padding=\u00a0\u00bb27px|0px|32px|0px||\u00a0\u00bb global_colors_info=\u00a0\u00bb{}\u00a0\u00bb][et_pb_column type=\u00a0\u00bb1_3&Prime; _builder_version=\u00a0\u00bb4.16&Prime; custom_padding=\u00a0\u00bb|||\u00a0\u00bb global_colors_info=\u00a0\u00bb{}\u00a0\u00bb custom_padding__hover=\u00a0\u00bb|||\u00a0\u00bb][et_pb_blurb title=\u00a0\u00bbVitrerie cistercienne\u00a0\u00bb image=\u00a0\u00bbhttps:\/\/marionlomonaco.fr\/wp-content\/uploads\/2025\/11\/CISTERC.jpg\u00a0\u00bb admin_label=\u00a0\u00bbClef\u00a0\u00bb _builder_version=\u00a0\u00bb4.27.4&Prime; header_font=\u00a0\u00bbPermanent Marker||||\u00a0\u00bb body_font=\u00a0\u00bbAbril Fatface|||||on|||\u00a0\u00bb body_font_size=\u00a0\u00bb18px\u00a0\u00bb text_orientation=\u00a0\u00bbcenter\u00a0\u00bb background_layout=\u00a0\u00bbdark\u00a0\u00bb hover_enabled=\u00a0\u00bb0&Prime; global_colors_info=\u00a0\u00bb{}\u00a0\u00bb sticky_enabled=\u00a0\u00bb0&Prime;][\/et_pb_blurb][\/et_pb_column][et_pb_column type=\u00a0\u00bb1_3&Prime; _builder_version=\u00a0\u00bb4.16&Prime; custom_padding=\u00a0\u00bb|||\u00a0\u00bb global_colors_info=\u00a0\u00bb{}\u00a0\u00bb custom_padding__hover=\u00a0\u00bb|||\u00a0\u00bb][et_pb_blurb title=\u00a0\u00bbInspiration ART DECO\u00a0\u00bb image=\u00a0\u00bbhttps:\/\/marionlomonaco.fr\/wp-content\/uploads\/2025\/11\/IMG_20250321_153100-BIS.jpg\u00a0\u00bb admin_label=\u00a0\u00bbClef\u00a0\u00bb _builder_version=\u00a0\u00bb4.27.4&Prime; header_font=\u00a0\u00bbPermanent Marker||||\u00a0\u00bb body_font=\u00a0\u00bbAbril Fatface|||||on|||\u00a0\u00bb body_font_size=\u00a0\u00bb18px\u00a0\u00bb text_orientation=\u00a0\u00bbcenter\u00a0\u00bb background_layout=\u00a0\u00bbdark\u00a0\u00bb hover_enabled=\u00a0\u00bb0&Prime; global_colors_info=\u00a0\u00bb{}\u00a0\u00bb sticky_enabled=\u00a0\u00bb0&Prime;][\/et_pb_blurb][\/et_pb_column][et_pb_column type=\u00a0\u00bb1_3&Prime; _builder_version=\u00a0\u00bb4.16&Prime; _module_preset=\u00a0\u00bbdefault\u00a0\u00bb global_colors_info=\u00a0\u00bb{}\u00a0\u00bb][et_pb_blurb title=\u00a0\u00bbInspiration ART NOUVEAU\u00a0\u00bb image=\u00a0\u00bbhttps:\/\/marionlomonaco.fr\/wp-content\/uploads\/2025\/11\/IMG_20251111_164144_edit_58460844488995-BIS.jpg\u00a0\u00bb admin_label=\u00a0\u00bbClef\u00a0\u00bb _builder_version=\u00a0\u00bb4.27.4&Prime; header_font=\u00a0\u00bbPermanent Marker||||\u00a0\u00bb body_font=\u00a0\u00bbAbril Fatface|||||on|||\u00a0\u00bb body_font_size=\u00a0\u00bb18px\u00a0\u00bb text_orientation=\u00a0\u00bbcenter\u00a0\u00bb background_layout=\u00a0\u00bbdark\u00a0\u00bb hover_enabled=\u00a0\u00bb0&Prime; global_colors_info=\u00a0\u00bb{}\u00a0\u00bb sticky_enabled=\u00a0\u00bb0&Prime;][\/et_pb_blurb][\/et_pb_column][\/et_pb_row][et_pb_row column_structure=\u00a0\u00bb1_3,1_3,1_3&Prime; _builder_version=\u00a0\u00bb4.16&Prime; _module_preset=\u00a0\u00bbdefault\u00a0\u00bb custom_margin=\u00a0\u00bb112px|auto||auto||\u00a0\u00bb global_colors_info=\u00a0\u00bb{}\u00a0\u00bb][et_pb_column type=\u00a0\u00bb1_3&Prime; _builder_version=\u00a0\u00bb4.16&Prime; _module_preset=\u00a0\u00bbdefault\u00a0\u00bb global_colors_info=\u00a0\u00bb{}\u00a0\u00bb][et_pb_blurb title=\u00a0\u00bbVitrerie \u00e0 l&rsquo;\u00e9gyptienne\u00a0\u00bb image=\u00a0\u00bbhttps:\/\/marionlomonaco.fr\/wp-content\/uploads\/2025\/11\/IMG_20240926_094137bis-scaled.jpg\u00a0\u00bb admin_label=\u00a0\u00bbClef\u00a0\u00bb _builder_version=\u00a0\u00bb4.27.4&Prime; header_font=\u00a0\u00bbPermanent Marker||||\u00a0\u00bb body_font=\u00a0\u00bbAbril Fatface|||||on|||\u00a0\u00bb body_font_size=\u00a0\u00bb18px\u00a0\u00bb text_orientation=\u00a0\u00bbcenter\u00a0\u00bb background_layout=\u00a0\u00bbdark\u00a0\u00bb hover_enabled=\u00a0\u00bb0&Prime; global_colors_info=\u00a0\u00bb{}\u00a0\u00bb sticky_enabled=\u00a0\u00bb0&Prime;][\/et_pb_blurb][\/et_pb_column][et_pb_column type=\u00a0\u00bb1_3&Prime; _builder_version=\u00a0\u00bb4.16&Prime; _module_preset=\u00a0\u00bbdefault\u00a0\u00bb global_colors_info=\u00a0\u00bb{}\u00a0\u00bb][et_pb_blurb title=\u00a0\u00bbDouble borne au carr\u00e9\u00a0\u00bb image=\u00a0\u00bbhttps:\/\/marionlomonaco.fr\/wp-content\/uploads\/2025\/11\/IMG_20250308_123855.jpg\u00a0\u00bb admin_label=\u00a0\u00bbClef\u00a0\u00bb _builder_version=\u00a0\u00bb4.27.4&Prime; header_font=\u00a0\u00bbPermanent Marker||||\u00a0\u00bb body_font=\u00a0\u00bbAbril Fatface|||||on|||\u00a0\u00bb body_font_size=\u00a0\u00bb18px\u00a0\u00bb text_orientation=\u00a0\u00bbcenter\u00a0\u00bb background_layout=\u00a0\u00bbdark\u00a0\u00bb hover_enabled=\u00a0\u00bb0&Prime; global_colors_info=\u00a0\u00bb{}\u00a0\u00bb sticky_enabled=\u00a0\u00bb0&Prime;][\/et_pb_blurb][\/et_pb_column][et_pb_column type=\u00a0\u00bb1_3&Prime; _builder_version=\u00a0\u00bb4.16&Prime; _module_preset=\u00a0\u00bbdefault\u00a0\u00bb global_colors_info=\u00a0\u00bb{}\u00a0\u00bb][\/et_pb_column][\/et_pb_row][\/et_pb_section]\n","protected":false},"excerpt":{"rendered":"<p>L\u2019Atelier La Mona con\u00e7oit des \u0153uvres sur mesure, dans les r\u00e8gles de l\u2019art, qui travaillent avec la lumi\u00e8re et irradient dans les int\u00e9rieurs priv\u00e9s et publics, religieux et profanes. En collaboration avec celles et ceux qui les commandent, au gr\u00e9 des envies. L\u2019atelier peut \u00e9galement travailler avec des artistes contemporains pour la conception des cartons [&hellip;]<\/p>\n","protected":false},"author":1,"featured_media":0,"parent":0,"menu_order":0,"comment_status":"closed","ping_status":"closed","template":"","meta":{"_et_pb_use_builder":"on","_et_pb_old_content":"","_et_gb_content_width":""},"yoast_head":"<!-- This site is optimized with the Yoast SEO plugin v17.3 - https:\/\/yoast.com\/wordpress\/plugins\/seo\/ -->\n<title>Vitraux - Marion Lo Monaco<\/title>\n<meta name=\"description\" content=\"\u2019Atelier La Mona con\u00e7oit des \u0153uvres sur mesure, dans les r\u00e8gles de l\u2019art, qui travaillent avec la lumi\u00e8re et irradient dans les int\u00e9rieurs priv\u00e9s et publics, religieux et profanes. En collaboration avec celles et ceux qui les commandent, au gr\u00e9 des envies.\" \/>\n<meta name=\"robots\" content=\"index, follow, max-snippet:-1, max-image-preview:large, max-video-preview:-1\" \/>\n<link rel=\"canonical\" href=\"https:\/\/marionlomonaco.fr\/?page_id=2399\" \/>\n<meta property=\"og:locale\" content=\"fr_FR\" \/>\n<meta property=\"og:type\" content=\"article\" \/>\n<meta property=\"og:title\" content=\"Vitraux - Marion Lo Monaco\" \/>\n<meta property=\"og:description\" content=\"\u2019Atelier La Mona con\u00e7oit des \u0153uvres sur mesure, dans les r\u00e8gles de l\u2019art, qui travaillent avec la lumi\u00e8re et irradient dans les int\u00e9rieurs priv\u00e9s et publics, religieux et profanes. En collaboration avec celles et ceux qui les commandent, au gr\u00e9 des envies.\" \/>\n<meta property=\"og:url\" content=\"https:\/\/marionlomonaco.fr\/?page_id=2399\" \/>\n<meta property=\"og:site_name\" content=\"Marion Lo Monaco\" \/>\n<meta property=\"article:modified_time\" content=\"2025-11-23T10:15:47+00:00\" \/>\n<meta name=\"twitter:card\" content=\"summary\" \/>\n<meta name=\"twitter:label1\" content=\"Dur\u00e9e de lecture estim\u00e9e\" \/>\n\t<meta name=\"twitter:data1\" content=\"2 minutes\" \/>\n<script type=\"application\/ld+json\" class=\"yoast-schema-graph\">{\"@context\":\"https:\/\/schema.org\",\"@graph\":[{\"@type\":\"WebSite\",\"@id\":\"https:\/\/marionlomonaco.fr\/#website\",\"url\":\"https:\/\/marionlomonaco.fr\/\",\"name\":\"Marion Lo Monaco\",\"description\":\"Atelier LA MONA - Vitraux\",\"potentialAction\":[{\"@type\":\"SearchAction\",\"target\":{\"@type\":\"EntryPoint\",\"urlTemplate\":\"https:\/\/marionlomonaco.fr\/?s={search_term_string}\"},\"query-input\":\"required name=search_term_string\"}],\"inLanguage\":\"fr-FR\"},{\"@type\":\"WebPage\",\"@id\":\"https:\/\/marionlomonaco.fr\/?page_id=2399#webpage\",\"url\":\"https:\/\/marionlomonaco.fr\/?page_id=2399\",\"name\":\"Vitraux - Marion Lo Monaco\",\"isPartOf\":{\"@id\":\"https:\/\/marionlomonaco.fr\/#website\"},\"datePublished\":\"2017-07-15T09:19:56+00:00\",\"dateModified\":\"2025-11-23T10:15:47+00:00\",\"description\":\"\\u2019Atelier La Mona con\\u00e7oit des \\u0153uvres sur mesure, dans les r\\u00e8gles de l\\u2019art, qui travaillent avec la lumi\\u00e8re et irradient dans les int\\u00e9rieurs priv\\u00e9s et publics, religieux et profanes. En collaboration avec celles et ceux qui les commandent, au gr\\u00e9 des envies.\",\"breadcrumb\":{\"@id\":\"https:\/\/marionlomonaco.fr\/?page_id=2399#breadcrumb\"},\"inLanguage\":\"fr-FR\",\"potentialAction\":[{\"@type\":\"ReadAction\",\"target\":[\"https:\/\/marionlomonaco.fr\/?page_id=2399\"]}]},{\"@type\":\"BreadcrumbList\",\"@id\":\"https:\/\/marionlomonaco.fr\/?page_id=2399#breadcrumb\",\"itemListElement\":[{\"@type\":\"ListItem\",\"position\":1,\"name\":\"Accueil\",\"item\":\"https:\/\/marionlomonaco.fr\/\"},{\"@type\":\"ListItem\",\"position\":2,\"name\":\"Vitraux\"}]}]}<\/script>\n<!-- \/ Yoast SEO plugin. -->","yoast_head_json":{"title":"Vitraux - Marion Lo Monaco","description":"\u2019Atelier La Mona con\u00e7oit des \u0153uvres sur mesure, dans les r\u00e8gles de l\u2019art, qui travaillent avec la lumi\u00e8re et irradient dans les int\u00e9rieurs priv\u00e9s et publics, religieux et profanes. En collaboration avec celles et ceux qui les commandent, au gr\u00e9 des envies.","robots":{"index":"index","follow":"follow","max-snippet":"max-snippet:-1","max-image-preview":"max-image-preview:large","max-video-preview":"max-video-preview:-1"},"canonical":"https:\/\/marionlomonaco.fr\/?page_id=2399","og_locale":"fr_FR","og_type":"article","og_title":"Vitraux - Marion Lo Monaco","og_description":"\u2019Atelier La Mona con\u00e7oit des \u0153uvres sur mesure, dans les r\u00e8gles de l\u2019art, qui travaillent avec la lumi\u00e8re et irradient dans les int\u00e9rieurs priv\u00e9s et publics, religieux et profanes. En collaboration avec celles et ceux qui les commandent, au gr\u00e9 des envies.","og_url":"https:\/\/marionlomonaco.fr\/?page_id=2399","og_site_name":"Marion Lo Monaco","article_modified_time":"2025-11-23T10:15:47+00:00","twitter_card":"summary","twitter_misc":{"Dur\u00e9e de lecture estim\u00e9e":"2 minutes"},"schema":{"@context":"https:\/\/schema.org","@graph":[{"@type":"WebSite","@id":"https:\/\/marionlomonaco.fr\/#website","url":"https:\/\/marionlomonaco.fr\/","name":"Marion Lo Monaco","description":"Atelier LA MONA - Vitraux","potentialAction":[{"@type":"SearchAction","target":{"@type":"EntryPoint","urlTemplate":"https:\/\/marionlomonaco.fr\/?s={search_term_string}"},"query-input":"required name=search_term_string"}],"inLanguage":"fr-FR"},{"@type":"WebPage","@id":"https:\/\/marionlomonaco.fr\/?page_id=2399#webpage","url":"https:\/\/marionlomonaco.fr\/?page_id=2399","name":"Vitraux - Marion Lo Monaco","isPartOf":{"@id":"https:\/\/marionlomonaco.fr\/#website"},"datePublished":"2017-07-15T09:19:56+00:00","dateModified":"2025-11-23T10:15:47+00:00","description":"\u2019Atelier La Mona con\u00e7oit des \u0153uvres sur mesure, dans les r\u00e8gles de l\u2019art, qui travaillent avec la lumi\u00e8re et irradient dans les int\u00e9rieurs priv\u00e9s et publics, religieux et profanes. En collaboration avec celles et ceux qui les commandent, au gr\u00e9 des envies.","breadcrumb":{"@id":"https:\/\/marionlomonaco.fr\/?page_id=2399#breadcrumb"},"inLanguage":"fr-FR","potentialAction":[{"@type":"ReadAction","target":["https:\/\/marionlomonaco.fr\/?page_id=2399"]}]},{"@type":"BreadcrumbList","@id":"https:\/\/marionlomonaco.fr\/?page_id=2399#breadcrumb","itemListElement":[{"@type":"ListItem","position":1,"name":"Accueil","item":"https:\/\/marionlomonaco.fr\/"},{"@type":"ListItem","position":2,"name":"Vitraux"}]}]}},"_links":{"self":[{"href":"https:\/\/marionlomonaco.fr\/index.php?rest_route=\/wp\/v2\/pages\/2399"}],"collection":[{"href":"https:\/\/marionlomonaco.fr\/index.php?rest_route=\/wp\/v2\/pages"}],"about":[{"href":"https:\/\/marionlomonaco.fr\/index.php?rest_route=\/wp\/v2\/types\/page"}],"author":[{"embeddable":true,"href":"https:\/\/marionlomonaco.fr\/index.php?rest_route=\/wp\/v2\/users\/1"}],"replies":[{"embeddable":true,"href":"https:\/\/marionlomonaco.fr\/index.php?rest_route=%2Fwp%2Fv2%2Fcomments&post=2399"}],"version-history":[{"count":55,"href":"https:\/\/marionlomonaco.fr\/index.php?rest_route=\/wp\/v2\/pages\/2399\/revisions"}],"predecessor-version":[{"id":4853,"href":"https:\/\/marionlomonaco.fr\/index.php?rest_route=\/wp\/v2\/pages\/2399\/revisions\/4853"}],"wp:attachment":[{"href":"https:\/\/marionlomonaco.fr\/index.php?rest_route=%2Fwp%2Fv2%2Fmedia&parent=2399"}],"curies":[{"name":"wp","href":"https:\/\/api.w.org\/{rel}","templated":true}]}}